{"id":1704,"date":"2025-12-15T19:03:31","date_gmt":"2025-12-15T18:03:31","guid":{"rendered":"http:\/\/gmv-lambsheim.de\/wp\/?post_type=mec-events&#038;p=1704"},"modified":"2025-12-15T19:03:31","modified_gmt":"2025-12-15T18:03:31","slug":"gmv-weihnachtsfeier-fuer-mitglieder","status":"publish","type":"mec-events","link":"https:\/\/gmv-lambsheim.de\/wp\/events\/gmv-weihnachtsfeier-fuer-mitglieder\/","title":{"rendered":"GMV-Weihnachtsfeier f\u00fcr Mitglieder"},"content":{"rendered":"<p>Der Gesang- und Musikverein Lambsheim veranstaltet seine Weihnachtsfeier f\u00fcr die Mitglieder. Nach einem Jahr mit intensiven Proben und erfolgreichen Auftritten freuen wir uns auf einen gem\u00fctlichen Jahresausklang. Bei unserem &#8222;kleinen Weihnachtsmarkt&#8220; in der GMV-Halle genie\u00dfen wir weihnachtliche Snacks und musizieren gemeinsam. F\u00fcr den Musikantennachwuchs kommt der Weihnachtsmann.<\/p>\n","protected":false},"excerpt":{"rendered":"<p>Der Gesang- und Musikverein Lambsheim veranstaltet seine Weihnachtsfeier f\u00fcr die Mitglieder. Nach einem Jahr mit intensiven Proben und erfolgreichen Auftritten freuen wir uns auf einen gem\u00fctlichen Jahresausklang. Bei unserem &#8222;kleinen Weihnachtsmarkt&#8220; in der GMV-Halle genie\u00dfen wir weihnachtliche Snacks und musizieren gemeinsam. F\u00fcr den Musikantennachwuchs kommt der Weihnachtsmann.<\/p>\n","protected":false},"author":16,"featured_media":973,"comment_status":"open","ping_status":"closed","template":"","tags":[47,21,26,25,28,33,34],"mec_category":[49,50,48],"class_list":["post-1704","mec-events","type-mec-events","status-publish","has-post-thumbnail","hentry","tag-blasmusik","tag-chor","tag-gmv","tag-lambsheim","tag-orchester","tag-weihnachten","tag-weihnachtsfeier","mec_category-gmv-lambsheim","mec_category-gmv-orchester","mec_category-popchor-simply-us"],"acf":[],"yoast_head":"<!-- This site is optimized with the Yoast SEO plugin v27.5 - https:\/\/yoast.com\/product\/yoast-seo-wordpress\/ -->\n<title>GMV-Weihnachtsfeier f\u00fcr Mitglieder - GMV Lambsheim<\/title>\n<meta name=\"robots\" content=\"index, follow, max-snippet:-1, max-image-preview:large, max-video-preview:-1\" \/>\n<link rel=\"canonical\" href=\"http:\/\/gmv-lambsheim.de\/wp\/events\/gmv-weihnachtsfeier-fuer-mitglieder\/\" \/>\n<meta property=\"og:locale\" content=\"de_DE\" \/>\n<meta property=\"og:type\" content=\"article\" \/>\n<meta property=\"og:title\" content=\"GMV-Weihnachtsfeier f\u00fcr Mitglieder - GMV Lambsheim\" \/>\n<meta property=\"og:description\" content=\"Der Gesang- und Musikverein Lambsheim veranstaltet seine Weihnachtsfeier f\u00fcr die Mitglieder. Nach einem Jahr mit intensiven Proben und erfolgreichen Auftritten freuen wir uns auf einen gem\u00fctlichen Jahresausklang. Bei unserem &#8222;kleinen Weihnachtsmarkt&#8220; in der GMV-Halle genie\u00dfen wir weihnachtliche Snacks und musizieren gemeinsam. F\u00fcr den Musikantennachwuchs kommt der Weihnachtsmann.\" \/>\n<meta property=\"og:url\" content=\"http:\/\/gmv-lambsheim.de\/wp\/events\/gmv-weihnachtsfeier-fuer-mitglieder\/\" \/>\n<meta property=\"og:site_name\" content=\"GMV Lambsheim\" \/>\n<meta property=\"article:publisher\" content=\"https:\/\/www.facebook.com\/gmvlambsheim\" \/>\n<meta property=\"og:image\" content=\"http:\/\/gmv-lambsheim.de\/wp\/wp-content\/uploads\/2023\/12\/Froehliche-1024x577.png\" \/>\n\t<meta property=\"og:image:width\" content=\"1024\" \/>\n\t<meta property=\"og:image:height\" content=\"577\" \/>\n\t<meta property=\"og:image:type\" content=\"image\/png\" \/>\n<meta name=\"twitter:card\" content=\"summary_large_image\" \/>\n<meta name=\"twitter:label1\" content=\"Gesch\u00e4tzte Lesezeit\" \/>\n\t<meta name=\"twitter:data1\" content=\"1\u00a0Minute\" \/>\n<script type=\"application\/ld+json\" class=\"yoast-schema-graph\">{\"@context\":\"https:\\\/\\\/schema.org\",\"@graph\":[{\"@type\":\"WebPage\",\"@id\":\"http:\\\/\\\/gmv-lambsheim.de\\\/wp\\\/events\\\/gmv-weihnachtsfeier-fuer-mitglieder\\\/\",\"url\":\"http:\\\/\\\/gmv-lambsheim.de\\\/wp\\\/events\\\/gmv-weihnachtsfeier-fuer-mitglieder\\\/\",\"name\":\"GMV-Weihnachtsfeier f\u00fcr Mitglieder - GMV Lambsheim\",\"isPartOf\":{\"@id\":\"http:\\\/\\\/gmv-lambsheim.de\\\/wp\\\/#website\"},\"primaryImageOfPage\":{\"@id\":\"http:\\\/\\\/gmv-lambsheim.de\\\/wp\\\/events\\\/gmv-weihnachtsfeier-fuer-mitglieder\\\/#primaryimage\"},\"image\":{\"@id\":\"http:\\\/\\\/gmv-lambsheim.de\\\/wp\\\/events\\\/gmv-weihnachtsfeier-fuer-mitglieder\\\/#primaryimage\"},\"thumbnailUrl\":\"https:\\\/\\\/gmv-lambsheim.de\\\/wp\\\/wp-content\\\/uploads\\\/2023\\\/12\\\/Froehliche-e1733479652433.png\",\"datePublished\":\"2025-12-15T18:03:31+00:00\",\"breadcrumb\":{\"@id\":\"http:\\\/\\\/gmv-lambsheim.de\\\/wp\\\/events\\\/gmv-weihnachtsfeier-fuer-mitglieder\\\/#breadcrumb\"},\"inLanguage\":\"de\",\"potentialAction\":[{\"@type\":\"ReadAction\",\"target\":[\"http:\\\/\\\/gmv-lambsheim.de\\\/wp\\\/events\\\/gmv-weihnachtsfeier-fuer-mitglieder\\\/\"]}]},{\"@type\":\"ImageObject\",\"inLanguage\":\"de\",\"@id\":\"http:\\\/\\\/gmv-lambsheim.de\\\/wp\\\/events\\\/gmv-weihnachtsfeier-fuer-mitglieder\\\/#primaryimage\",\"url\":\"https:\\\/\\\/gmv-lambsheim.de\\\/wp\\\/wp-content\\\/uploads\\\/2023\\\/12\\\/Froehliche-e1733479652433.png\",\"contentUrl\":\"https:\\\/\\\/gmv-lambsheim.de\\\/wp\\\/wp-content\\\/uploads\\\/2023\\\/12\\\/Froehliche-e1733479652433.png\",\"width\":861,\"height\":921},{\"@type\":\"BreadcrumbList\",\"@id\":\"http:\\\/\\\/gmv-lambsheim.de\\\/wp\\\/events\\\/gmv-weihnachtsfeier-fuer-mitglieder\\\/#breadcrumb\",\"itemListElement\":[{\"@type\":\"ListItem\",\"position\":1,\"name\":\"Startseite\",\"item\":\"http:\\\/\\\/gmv-lambsheim.de\\\/wp\\\/\"},{\"@type\":\"ListItem\",\"position\":2,\"name\":\"Veranstaltungen\",\"item\":\"http:\\\/\\\/gmv-lambsheim.de\\\/wp\\\/events\\\/\"},{\"@type\":\"ListItem\",\"position\":3,\"name\":\"GMV-Weihnachtsfeier f\u00fcr Mitglieder\"}]},{\"@type\":\"WebSite\",\"@id\":\"http:\\\/\\\/gmv-lambsheim.de\\\/wp\\\/#website\",\"url\":\"http:\\\/\\\/gmv-lambsheim.de\\\/wp\\\/\",\"name\":\"GMV Lambsheim\",\"description\":\"Gesang- und Musikverein &quot;Volkschor&quot; 1846 e.V.\",\"publisher\":{\"@id\":\"http:\\\/\\\/gmv-lambsheim.de\\\/wp\\\/#organization\"},\"potentialAction\":[{\"@type\":\"SearchAction\",\"target\":{\"@type\":\"EntryPoint\",\"urlTemplate\":\"http:\\\/\\\/gmv-lambsheim.de\\\/wp\\\/?s={search_term_string}\"},\"query-input\":{\"@type\":\"PropertyValueSpecification\",\"valueRequired\":true,\"valueName\":\"search_term_string\"}}],\"inLanguage\":\"de\"},{\"@type\":\"Organization\",\"@id\":\"http:\\\/\\\/gmv-lambsheim.de\\\/wp\\\/#organization\",\"name\":\"GMV Lambsheim\",\"url\":\"http:\\\/\\\/gmv-lambsheim.de\\\/wp\\\/\",\"logo\":{\"@type\":\"ImageObject\",\"inLanguage\":\"de\",\"@id\":\"http:\\\/\\\/gmv-lambsheim.de\\\/wp\\\/#\\\/schema\\\/logo\\\/image\\\/\",\"url\":\"https:\\\/\\\/gmv-lambsheim.de\\\/wp\\\/wp-content\\\/uploads\\\/2020\\\/07\\\/cropped-GMV-Logo@05x-3.png\",\"contentUrl\":\"https:\\\/\\\/gmv-lambsheim.de\\\/wp\\\/wp-content\\\/uploads\\\/2020\\\/07\\\/cropped-GMV-Logo@05x-3.png\",\"width\":100,\"height\":127,\"caption\":\"GMV Lambsheim\"},\"image\":{\"@id\":\"http:\\\/\\\/gmv-lambsheim.de\\\/wp\\\/#\\\/schema\\\/logo\\\/image\\\/\"},\"sameAs\":[\"https:\\\/\\\/www.facebook.com\\\/gmvlambsheim\",\"https:\\\/\\\/www.instagram.com\\\/gmvorchesterlambsheim\",\"https:\\\/\\\/www.instagram.com\\\/gmv_chor_lambsheim\",\"https:\\\/\\\/www.facebook.com\\\/gmvchorlambsheim\"]}]}<\/script>\n<!-- \/ Yoast SEO plugin. -->","yoast_head_json":{"title":"GMV-Weihnachtsfeier f\u00fcr Mitglieder - GMV Lambsheim","robots":{"index":"index","follow":"follow","max-snippet":"max-snippet:-1","max-image-preview":"max-image-preview:large","max-video-preview":"max-video-preview:-1"},"canonical":"http:\/\/gmv-lambsheim.de\/wp\/events\/gmv-weihnachtsfeier-fuer-mitglieder\/","og_locale":"de_DE","og_type":"article","og_title":"GMV-Weihnachtsfeier f\u00fcr Mitglieder - GMV Lambsheim","og_description":"Der Gesang- und Musikverein Lambsheim veranstaltet seine Weihnachtsfeier f\u00fcr die Mitglieder. Nach einem Jahr mit intensiven Proben und erfolgreichen Auftritten freuen wir uns auf einen gem\u00fctlichen Jahresausklang. Bei unserem &#8222;kleinen Weihnachtsmarkt&#8220; in der GMV-Halle genie\u00dfen wir weihnachtliche Snacks und musizieren gemeinsam. F\u00fcr den Musikantennachwuchs kommt der Weihnachtsmann.","og_url":"http:\/\/gmv-lambsheim.de\/wp\/events\/gmv-weihnachtsfeier-fuer-mitglieder\/","og_site_name":"GMV Lambsheim","article_publisher":"https:\/\/www.facebook.com\/gmvlambsheim","og_image":[{"width":1024,"height":577,"url":"http:\/\/gmv-lambsheim.de\/wp\/wp-content\/uploads\/2023\/12\/Froehliche-1024x577.png","type":"image\/png"}],"twitter_card":"summary_large_image","twitter_misc":{"Gesch\u00e4tzte Lesezeit":"1\u00a0Minute"},"schema":{"@context":"https:\/\/schema.org","@graph":[{"@type":"WebPage","@id":"http:\/\/gmv-lambsheim.de\/wp\/events\/gmv-weihnachtsfeier-fuer-mitglieder\/","url":"http:\/\/gmv-lambsheim.de\/wp\/events\/gmv-weihnachtsfeier-fuer-mitglieder\/","name":"GMV-Weihnachtsfeier f\u00fcr Mitglieder - GMV Lambsheim","isPartOf":{"@id":"http:\/\/gmv-lambsheim.de\/wp\/#website"},"primaryImageOfPage":{"@id":"http:\/\/gmv-lambsheim.de\/wp\/events\/gmv-weihnachtsfeier-fuer-mitglieder\/#primaryimage"},"image":{"@id":"http:\/\/gmv-lambsheim.de\/wp\/events\/gmv-weihnachtsfeier-fuer-mitglieder\/#primaryimage"},"thumbnailUrl":"https:\/\/gmv-lambsheim.de\/wp\/wp-content\/uploads\/2023\/12\/Froehliche-e1733479652433.png","datePublished":"2025-12-15T18:03:31+00:00","breadcrumb":{"@id":"http:\/\/gmv-lambsheim.de\/wp\/events\/gmv-weihnachtsfeier-fuer-mitglieder\/#breadcrumb"},"inLanguage":"de","potentialAction":[{"@type":"ReadAction","target":["http:\/\/gmv-lambsheim.de\/wp\/events\/gmv-weihnachtsfeier-fuer-mitglieder\/"]}]},{"@type":"ImageObject","inLanguage":"de","@id":"http:\/\/gmv-lambsheim.de\/wp\/events\/gmv-weihnachtsfeier-fuer-mitglieder\/#primaryimage","url":"https:\/\/gmv-lambsheim.de\/wp\/wp-content\/uploads\/2023\/12\/Froehliche-e1733479652433.png","contentUrl":"https:\/\/gmv-lambsheim.de\/wp\/wp-content\/uploads\/2023\/12\/Froehliche-e1733479652433.png","width":861,"height":921},{"@type":"BreadcrumbList","@id":"http:\/\/gmv-lambsheim.de\/wp\/events\/gmv-weihnachtsfeier-fuer-mitglieder\/#breadcrumb","itemListElement":[{"@type":"ListItem","position":1,"name":"Startseite","item":"http:\/\/gmv-lambsheim.de\/wp\/"},{"@type":"ListItem","position":2,"name":"Veranstaltungen","item":"http:\/\/gmv-lambsheim.de\/wp\/events\/"},{"@type":"ListItem","position":3,"name":"GMV-Weihnachtsfeier f\u00fcr Mitglieder"}]},{"@type":"WebSite","@id":"http:\/\/gmv-lambsheim.de\/wp\/#website","url":"http:\/\/gmv-lambsheim.de\/wp\/","name":"GMV Lambsheim","description":"Gesang- und Musikverein &quot;Volkschor&quot; 1846 e.V.","publisher":{"@id":"http:\/\/gmv-lambsheim.de\/wp\/#organization"},"potentialAction":[{"@type":"SearchAction","target":{"@type":"EntryPoint","urlTemplate":"http:\/\/gmv-lambsheim.de\/wp\/?s={search_term_string}"},"query-input":{"@type":"PropertyValueSpecification","valueRequired":true,"valueName":"search_term_string"}}],"inLanguage":"de"},{"@type":"Organization","@id":"http:\/\/gmv-lambsheim.de\/wp\/#organization","name":"GMV Lambsheim","url":"http:\/\/gmv-lambsheim.de\/wp\/","logo":{"@type":"ImageObject","inLanguage":"de","@id":"http:\/\/gmv-lambsheim.de\/wp\/#\/schema\/logo\/image\/","url":"https:\/\/gmv-lambsheim.de\/wp\/wp-content\/uploads\/2020\/07\/cropped-GMV-Logo@05x-3.png","contentUrl":"https:\/\/gmv-lambsheim.de\/wp\/wp-content\/uploads\/2020\/07\/cropped-GMV-Logo@05x-3.png","width":100,"height":127,"caption":"GMV Lambsheim"},"image":{"@id":"http:\/\/gmv-lambsheim.de\/wp\/#\/schema\/logo\/image\/"},"sameAs":["https:\/\/www.facebook.com\/gmvlambsheim","https:\/\/www.instagram.com\/gmvorchesterlambsheim","https:\/\/www.instagram.com\/gmv_chor_lambsheim","https:\/\/www.facebook.com\/gmvchorlambsheim"]}]}},"uagb_featured_image_src":{"full":["https:\/\/gmv-lambsheim.de\/wp\/wp-content\/uploads\/2023\/12\/Froehliche-e1733479652433.png",861,921,false],"thumbnail":["https:\/\/gmv-lambsheim.de\/wp\/wp-content\/uploads\/2023\/12\/Froehliche-e1733479652433-150x150.png",150,150,true],"medium":["https:\/\/gmv-lambsheim.de\/wp\/wp-content\/uploads\/2023\/12\/Froehliche-e1733479652433-280x300.png",280,300,true],"medium_large":["https:\/\/gmv-lambsheim.de\/wp\/wp-content\/uploads\/2023\/12\/Froehliche-e1733479652433-768x822.png",768,822,true],"large":["https:\/\/gmv-lambsheim.de\/wp\/wp-content\/uploads\/2023\/12\/Froehliche-1024x577.png",800,451,true],"thumblist":["https:\/\/gmv-lambsheim.de\/wp\/wp-content\/uploads\/2023\/12\/Froehliche-e1733479652433-300x300.png",300,300,true],"meccarouselthumb":["https:\/\/gmv-lambsheim.de\/wp\/wp-content\/uploads\/2023\/12\/Froehliche-e1733479652433-474x324.png",474,324,true],"gridsquare":["https:\/\/gmv-lambsheim.de\/wp\/wp-content\/uploads\/2023\/12\/Froehliche-e1733479652433-391x260.png",391,260,true],"tileview":["https:\/\/gmv-lambsheim.de\/wp\/wp-content\/uploads\/2023\/12\/Froehliche-e1733479652433-300x400.png",300,400,true],"1536x1536":["https:\/\/gmv-lambsheim.de\/wp\/wp-content\/uploads\/2023\/12\/Froehliche-1536x865.png",1536,865,true],"2048x2048":["https:\/\/gmv-lambsheim.de\/wp\/wp-content\/uploads\/2023\/12\/Froehliche-e1733479652433.png",861,921,false]},"uagb_author_info":{"display_name":"Beate Schoberwalter","author_link":"https:\/\/gmv-lambsheim.de\/wp\/author\/bschoberwalter\/"},"uagb_comment_info":0,"uagb_excerpt":"Der Gesang- und Musikverein Lambsheim veranstaltet seine Weihnachtsfeier f\u00fcr die Mitglieder. Nach einem Jahr mit intensiven Proben und erfolgreichen Auftritten freuen wir uns auf einen gem\u00fctlichen Jahresausklang. Bei unserem &#8222;kleinen Weihnachtsmarkt&#8220; in der GMV-Halle genie\u00dfen wir weihnachtliche Snacks und musizieren gemeinsam. F\u00fcr den Musikantennachwuchs kommt der Weihnachtsmann.","_links":{"self":[{"href":"https:\/\/gmv-lambsheim.de\/wp\/wp-json\/wp\/v2\/mec-events\/1704","targetHints":{"allow":["GET"]}}],"collection":[{"href":"https:\/\/gmv-lambsheim.de\/wp\/wp-json\/wp\/v2\/mec-events"}],"about":[{"href":"https:\/\/gmv-lambsheim.de\/wp\/wp-json\/wp\/v2\/types\/mec-events"}],"author":[{"embeddable":true,"href":"https:\/\/gmv-lambsheim.de\/wp\/wp-json\/wp\/v2\/users\/16"}],"replies":[{"embeddable":true,"href":"https:\/\/gmv-lambsheim.de\/wp\/wp-json\/wp\/v2\/comments?post=1704"}],"wp:featuredmedia":[{"embeddable":true,"href":"https:\/\/gmv-lambsheim.de\/wp\/wp-json\/wp\/v2\/media\/973"}],"wp:attachment":[{"href":"https:\/\/gmv-lambsheim.de\/wp\/wp-json\/wp\/v2\/media?parent=1704"}],"wp:term":[{"taxonomy":"post_tag","embeddable":true,"href":"https:\/\/gmv-lambsheim.de\/wp\/wp-json\/wp\/v2\/tags?post=1704"},{"taxonomy":"mec_category","embeddable":true,"href":"https:\/\/gmv-lambsheim.de\/wp\/wp-json\/wp\/v2\/mec_category?post=1704"}],"curies":[{"name":"wp","href":"https:\/\/api.w.org\/{rel}","templated":true}]}}